{"id":1305,"date":"2015-10-18T08:52:33","date_gmt":"2015-10-18T08:52:33","guid":{"rendered":"http:\/\/beta.sanremomarathon.it\/reserver-chez-les-hotels-affilies\/"},"modified":"2023-11-09T10:56:49","modified_gmt":"2023-11-09T10:56:49","slug":"reserver-chez-les-hotels-affilies","status":"publish","type":"page","link":"https:\/\/sanremomarathon.it\/fr\/reserver-chez-les-hotels-affilies\/","title":{"rendered":"H\u00f4tels partenaires"},"content":{"rendered":"<h2>L&rsquo;organisation du Marathon de San Remo a s\u00e9lectionn\u00e9 pour vous quelques h\u00f4tels qui sont particuli\u00e8rement sensibles aux besoins des athl\u00e8tes.<\/h2>\n<p>Nos h\u00f4tels partenaires offrent:<\/p>\n<ul>\n<li>petit d\u00e9jeuner avec un renforcement de glucides le jour de la course<\/li>\n<li>d\u00e9part tardif (max. 16h00) de la chambre afin de vous donner le temps de prendre une douche apr\u00e8s la course &#8211; service additionnel, frais suppl\u00e9mentaires requis<\/li>\n<\/ul>\n<p><span style=\"color: #ff0000;\">De plus, en r\u00e9servant une chambre dans l&rsquo;un des h\u00f4tels recommand\u00e9s sur notre site Web, vous supportez l&rsquo;organisation de l&rsquo;\u00e9v\u00e9nement, veillant \u00e0 ce que l&rsquo;\u00e9v\u00e9nement continu ann\u00e9e apr\u00e8s ann\u00e9e. Vous nous aidez aussi \u00e0 sensibiliser les h\u00f4teliers aux besoins particuliers des athl\u00e8tes.<\/span><\/p>\n<h3>Contactez nous pour r\u00e9server un des h\u00f4tel affili\u00e9s !<\/h3>\n\n<div class=\"wpcf7 no-js\" id=\"wpcf7-f558-o1\" lang=\"fr-FR\" dir=\"ltr\" data-wpcf7-id=\"558\">\n<div class=\"screen-reader-response\"><p role=\"status\" aria-live=\"polite\" aria-atomic=\"true\"><\/p> <ul><\/ul><\/div>\n<form action=\"\/fr\/wp-json\/wp\/v2\/pages\/1305#wpcf7-f558-o1\" method=\"post\" class=\"wpcf7-form init\" aria-label=\"Formulaire de contact\" novalidate=\"novalidate\" data-status=\"init\">\n<fieldset class=\"hidden-fields-container\"><input type=\"hidden\" name=\"_wpcf7\" value=\"558\" \/><input type=\"hidden\" name=\"_wpcf7_version\" value=\"6.1.5\" \/><input type=\"hidden\" name=\"_wpcf7_locale\" value=\"fr_FR\" \/><input type=\"hidden\" name=\"_wpcf7_unit_tag\" value=\"wpcf7-f558-o1\" \/><input type=\"hidden\" name=\"_wpcf7_container_post\" value=\"0\" \/><input type=\"hidden\" name=\"_wpcf7_posted_data_hash\" value=\"\" \/><input type=\"hidden\" name=\"_wpcf7_recaptcha_response\" value=\"\" \/>\n<\/fieldset>\n<p>Votre nom (obligatoire)\n<\/p>\n<p><span class=\"wpcf7-form-control-wrap\" data-name=\"your-name\"><input size=\"40\" maxlength=\"400\" class=\"wpcf7-form-control wpcf7-text wpcf7-validates-as-required\" aria-required=\"true\" aria-invalid=\"false\" value=\"\" type=\"text\" name=\"your-name\" \/><\/span>\n<\/p>\n<p>Votre email (obligatoire)\n<\/p>\n<p><span class=\"wpcf7-form-control-wrap\" data-name=\"your-email\"><input size=\"40\" maxlength=\"400\" class=\"wpcf7-form-control wpcf7-email wpcf7-validates-as-required wpcf7-text wpcf7-validates-as-email\" aria-required=\"true\" aria-invalid=\"false\" value=\"\" type=\"email\" name=\"your-email\" \/><\/span>\n<\/p>\n<p>Votre telephone (obligatoire)\n<\/p>\n<p><span class=\"wpcf7-form-control-wrap\" data-name=\"your-phone\"><input size=\"40\" maxlength=\"400\" class=\"wpcf7-form-control wpcf7-text wpcf7-validates-as-required\" aria-required=\"true\" aria-invalid=\"false\" value=\"\" type=\"text\" name=\"your-phone\" \/><\/span>\n<\/p>\n<p><label>Votre ville et Nation<br \/>\n<span class=\"wpcf7-form-control-wrap\" data-name=\"your-city\"><input size=\"40\" maxlength=\"400\" class=\"wpcf7-form-control wpcf7-text\" aria-invalid=\"false\" value=\"\" type=\"text\" name=\"your-city\" \/><\/span> <\/label>\n<\/p>\n<p>Sujet\n<\/p>\n<p><span class=\"wpcf7-form-control-wrap\" data-name=\"your-subject\"><input size=\"40\" maxlength=\"400\" class=\"wpcf7-form-control wpcf7-text\" aria-invalid=\"false\" value=\"\" type=\"text\" name=\"your-subject\" \/><\/span>\n<\/p>\n<p>Votre message\n<\/p>\n<p><span class=\"wpcf7-form-control-wrap\" data-name=\"your-message\"><textarea cols=\"40\" rows=\"10\" maxlength=\"2000\" class=\"wpcf7-form-control wpcf7-textarea\" aria-invalid=\"false\" name=\"your-message\"><\/textarea><\/span>\n<\/p>\n<p class=\"checkbox-position\"><span class=\"wpcf7-form-control-wrap\" data-name=\"acceptance-652\"><span class=\"wpcf7-form-control wpcf7-acceptance\"><span class=\"wpcf7-list-item\"><input type=\"checkbox\" name=\"acceptance-652\" value=\"1\" aria-invalid=\"false\" \/><\/span><\/span><\/span> Je d\u00e9clare que j'ai lu et j'accepte la <a href=\"http:\/\/www.nyalatravel.com\/fr\/respect-de-la-vie-privee\/\" target=\"_blank\">Politique de confidentialit\u00e9<\/a>.\n<\/p>\n<p><input class=\"wpcf7-form-control wpcf7-submit has-spinner\" type=\"submit\" value=\"Envoyer\" \/>\n<\/p><div class=\"wpcf7-response-output\" aria-hidden=\"true\"><\/div>\n<\/form>\n<\/div>\n\n<p>&nbsp;<\/p>\n<p><!-- <iframe loading=\"lazy\" src=\"https:\/\/www.ntbooking.it\/hotels2\/portalhotelsearchform_iframe_small.php?loadCSS=yes&amp;showBorders=no&amp;showCalendars=no&amp;showCountry=no&amp;s_country=105&amp;&amp;showRegion=no&amp;s_region=2&amp;showCity=no&amp;s_city=3&amp;yearI=2018&amp;monthsI=12&amp;daysI=8&amp;yearS=2018&amp;monthsS=12&amp;daysS=9&amp;guests=2&amp;ln=fr&amp;targetNew=yes\" width=\"400\" height=\"600\"><\/iframe>--><\/p>\n","protected":false},"excerpt":{"rendered":"<p>L&rsquo;organisation du Marathon de San Remo a s\u00e9lectionn\u00e9 pour vous quelques h\u00f4tels qui sont particuli\u00e8rement sensibles aux besoins des athl\u00e8tes. Nos h\u00f4tels partenaires offrent: petit d\u00e9jeuner avec un renforcement de glucides le jour de la course d\u00e9part tardif (max. 16h00) de la chambre afin de vous donner le temps de prendre une douche apr\u00e8s la [&hellip;]<\/p>\n","protected":false},"author":1,"featured_media":4006,"parent":0,"menu_order":1,"comment_status":"open","ping_status":"closed","template":"","meta":{"_et_pb_use_builder":"","_et_pb_old_content":"","_et_gb_content_width":"","footnotes":""},"class_list":["post-1305","page","type-page","status-publish","has-post-thumbnail","hentry"],"yoast_head":"<!-- This site is optimized with the Yoast SEO plugin v27.4 - https:\/\/yoast.com\/product\/yoast-seo-wordpress\/ -->\n<title>H\u00f4tels partenaires | Sanremo Marathon 07.12.2025<\/title>\n<meta name=\"description\" content=\"Reserver H\u00f4tels partenaires, les H\u00f4tels de San Remo avec tarifs et services speciaux pour les athl\u00e8tes de San Remo Marathon.\" \/>\n<meta name=\"robots\" content=\"index, follow, max-snippet:-1, max-image-preview:large, max-video-preview:-1\" \/>\n<link rel=\"canonical\" href=\"https:\/\/sanremomarathon.it\/fr\/reserver-chez-les-hotels-affilies\/\" \/>\n<meta property=\"og:locale\" content=\"fr_FR\" \/>\n<meta property=\"og:type\" content=\"article\" \/>\n<meta property=\"og:title\" content=\"H\u00f4tels partenaires | Sanremo Marathon 07.12.2025\" \/>\n<meta property=\"og:description\" content=\"Reserver H\u00f4tels partenaires, les H\u00f4tels de San Remo avec tarifs et services speciaux pour les athl\u00e8tes de San Remo Marathon.\" \/>\n<meta property=\"og:url\" content=\"https:\/\/sanremomarathon.it\/fr\/reserver-chez-les-hotels-affilies\/\" \/>\n<meta property=\"og:site_name\" content=\"Sanremo Marathon 07.12.2025\" \/>\n<meta property=\"article:modified_time\" content=\"2023-11-09T10:56:49+00:00\" \/>\n<meta property=\"og:image\" content=\"https:\/\/sanremomarathon.it\/wp-content\/uploads\/2021\/06\/vacanze-riviera-dei-fiori-nyala-suite-hotel.jpg\" \/>\n\t<meta property=\"og:image:width\" content=\"500\" \/>\n\t<meta property=\"og:image:height\" content=\"200\" \/>\n\t<meta property=\"og:image:type\" content=\"image\/jpeg\" \/>\n<meta name=\"twitter:label1\" content=\"Dur\u00e9e de lecture estim\u00e9e\" \/>\n\t<meta name=\"twitter:data1\" content=\"1 minute\" \/>\n<script type=\"application\/ld+json\" class=\"yoast-schema-graph\">{\"@context\":\"https:\\\/\\\/schema.org\",\"@graph\":[{\"@type\":\"WebPage\",\"@id\":\"https:\\\/\\\/sanremomarathon.it\\\/fr\\\/reserver-chez-les-hotels-affilies\\\/\",\"url\":\"https:\\\/\\\/sanremomarathon.it\\\/fr\\\/reserver-chez-les-hotels-affilies\\\/\",\"name\":\"H\u00f4tels partenaires | Sanremo Marathon 07.12.2025\",\"isPartOf\":{\"@id\":\"https:\\\/\\\/sanremomarathon.it\\\/fr\\\/#website\"},\"primaryImageOfPage\":{\"@id\":\"https:\\\/\\\/sanremomarathon.it\\\/fr\\\/reserver-chez-les-hotels-affilies\\\/#primaryimage\"},\"image\":{\"@id\":\"https:\\\/\\\/sanremomarathon.it\\\/fr\\\/reserver-chez-les-hotels-affilies\\\/#primaryimage\"},\"thumbnailUrl\":\"https:\\\/\\\/sanremomarathon.it\\\/wp-content\\\/uploads\\\/2021\\\/06\\\/vacanze-riviera-dei-fiori-nyala-suite-hotel.jpg\",\"datePublished\":\"2015-10-18T08:52:33+00:00\",\"dateModified\":\"2023-11-09T10:56:49+00:00\",\"description\":\"Reserver H\u00f4tels partenaires, les H\u00f4tels de San Remo avec tarifs et services speciaux pour les athl\u00e8tes de San Remo Marathon.\",\"breadcrumb\":{\"@id\":\"https:\\\/\\\/sanremomarathon.it\\\/fr\\\/reserver-chez-les-hotels-affilies\\\/#breadcrumb\"},\"inLanguage\":\"fr-FR\",\"potentialAction\":[{\"@type\":\"ReadAction\",\"target\":[\"https:\\\/\\\/sanremomarathon.it\\\/fr\\\/reserver-chez-les-hotels-affilies\\\/\"]}]},{\"@type\":\"ImageObject\",\"inLanguage\":\"fr-FR\",\"@id\":\"https:\\\/\\\/sanremomarathon.it\\\/fr\\\/reserver-chez-les-hotels-affilies\\\/#primaryimage\",\"url\":\"https:\\\/\\\/sanremomarathon.it\\\/wp-content\\\/uploads\\\/2021\\\/06\\\/vacanze-riviera-dei-fiori-nyala-suite-hotel.jpg\",\"contentUrl\":\"https:\\\/\\\/sanremomarathon.it\\\/wp-content\\\/uploads\\\/2021\\\/06\\\/vacanze-riviera-dei-fiori-nyala-suite-hotel.jpg\",\"width\":500,\"height\":200,\"caption\":\"H\u00f4tels partenaires\"},{\"@type\":\"BreadcrumbList\",\"@id\":\"https:\\\/\\\/sanremomarathon.it\\\/fr\\\/reserver-chez-les-hotels-affilies\\\/#breadcrumb\",\"itemListElement\":[{\"@type\":\"ListItem\",\"position\":1,\"name\":\"Home\",\"item\":\"https:\\\/\\\/sanremomarathon.it\\\/fr\\\/\"},{\"@type\":\"ListItem\",\"position\":2,\"name\":\"H\u00f4tels partenaires\"}]},{\"@type\":\"WebSite\",\"@id\":\"https:\\\/\\\/sanremomarathon.it\\\/fr\\\/#website\",\"url\":\"https:\\\/\\\/sanremomarathon.it\\\/fr\\\/\",\"name\":\"Sanremo Marathon 07.12.2025\",\"description\":\"42K | 21K | 10K | 5K | 2.5K | Family Run\",\"potentialAction\":[{\"@type\":\"SearchAction\",\"target\":{\"@type\":\"EntryPoint\",\"urlTemplate\":\"https:\\\/\\\/sanremomarathon.it\\\/fr\\\/?s={search_term_string}\"},\"query-input\":{\"@type\":\"PropertyValueSpecification\",\"valueRequired\":true,\"valueName\":\"search_term_string\"}}],\"inLanguage\":\"fr-FR\"}]}<\/script>\n<!-- \/ Yoast SEO plugin. -->","yoast_head_json":{"title":"H\u00f4tels partenaires | Sanremo Marathon 07.12.2025","description":"Reserver H\u00f4tels partenaires, les H\u00f4tels de San Remo avec tarifs et services speciaux pour les athl\u00e8tes de San Remo Marathon.","robots":{"index":"index","follow":"follow","max-snippet":"max-snippet:-1","max-image-preview":"max-image-preview:large","max-video-preview":"max-video-preview:-1"},"canonical":"https:\/\/sanremomarathon.it\/fr\/reserver-chez-les-hotels-affilies\/","og_locale":"fr_FR","og_type":"article","og_title":"H\u00f4tels partenaires | Sanremo Marathon 07.12.2025","og_description":"Reserver H\u00f4tels partenaires, les H\u00f4tels de San Remo avec tarifs et services speciaux pour les athl\u00e8tes de San Remo Marathon.","og_url":"https:\/\/sanremomarathon.it\/fr\/reserver-chez-les-hotels-affilies\/","og_site_name":"Sanremo Marathon 07.12.2025","article_modified_time":"2023-11-09T10:56:49+00:00","og_image":[{"width":500,"height":200,"url":"https:\/\/sanremomarathon.it\/wp-content\/uploads\/2021\/06\/vacanze-riviera-dei-fiori-nyala-suite-hotel.jpg","type":"image\/jpeg"}],"twitter_misc":{"Dur\u00e9e de lecture estim\u00e9e":"1 minute"},"schema":{"@context":"https:\/\/schema.org","@graph":[{"@type":"WebPage","@id":"https:\/\/sanremomarathon.it\/fr\/reserver-chez-les-hotels-affilies\/","url":"https:\/\/sanremomarathon.it\/fr\/reserver-chez-les-hotels-affilies\/","name":"H\u00f4tels partenaires | Sanremo Marathon 07.12.2025","isPartOf":{"@id":"https:\/\/sanremomarathon.it\/fr\/#website"},"primaryImageOfPage":{"@id":"https:\/\/sanremomarathon.it\/fr\/reserver-chez-les-hotels-affilies\/#primaryimage"},"image":{"@id":"https:\/\/sanremomarathon.it\/fr\/reserver-chez-les-hotels-affilies\/#primaryimage"},"thumbnailUrl":"https:\/\/sanremomarathon.it\/wp-content\/uploads\/2021\/06\/vacanze-riviera-dei-fiori-nyala-suite-hotel.jpg","datePublished":"2015-10-18T08:52:33+00:00","dateModified":"2023-11-09T10:56:49+00:00","description":"Reserver H\u00f4tels partenaires, les H\u00f4tels de San Remo avec tarifs et services speciaux pour les athl\u00e8tes de San Remo Marathon.","breadcrumb":{"@id":"https:\/\/sanremomarathon.it\/fr\/reserver-chez-les-hotels-affilies\/#breadcrumb"},"inLanguage":"fr-FR","potentialAction":[{"@type":"ReadAction","target":["https:\/\/sanremomarathon.it\/fr\/reserver-chez-les-hotels-affilies\/"]}]},{"@type":"ImageObject","inLanguage":"fr-FR","@id":"https:\/\/sanremomarathon.it\/fr\/reserver-chez-les-hotels-affilies\/#primaryimage","url":"https:\/\/sanremomarathon.it\/wp-content\/uploads\/2021\/06\/vacanze-riviera-dei-fiori-nyala-suite-hotel.jpg","contentUrl":"https:\/\/sanremomarathon.it\/wp-content\/uploads\/2021\/06\/vacanze-riviera-dei-fiori-nyala-suite-hotel.jpg","width":500,"height":200,"caption":"H\u00f4tels partenaires"},{"@type":"BreadcrumbList","@id":"https:\/\/sanremomarathon.it\/fr\/reserver-chez-les-hotels-affilies\/#breadcrumb","itemListElement":[{"@type":"ListItem","position":1,"name":"Home","item":"https:\/\/sanremomarathon.it\/fr\/"},{"@type":"ListItem","position":2,"name":"H\u00f4tels partenaires"}]},{"@type":"WebSite","@id":"https:\/\/sanremomarathon.it\/fr\/#website","url":"https:\/\/sanremomarathon.it\/fr\/","name":"Sanremo Marathon 07.12.2025","description":"42K | 21K | 10K | 5K | 2.5K | Family Run","potentialAction":[{"@type":"SearchAction","target":{"@type":"EntryPoint","urlTemplate":"https:\/\/sanremomarathon.it\/fr\/?s={search_term_string}"},"query-input":{"@type":"PropertyValueSpecification","valueRequired":true,"valueName":"search_term_string"}}],"inLanguage":"fr-FR"}]}},"_links":{"self":[{"href":"https:\/\/sanremomarathon.it\/fr\/wp-json\/wp\/v2\/pages\/1305","targetHints":{"allow":["GET"]}}],"collection":[{"href":"https:\/\/sanremomarathon.it\/fr\/wp-json\/wp\/v2\/pages"}],"about":[{"href":"https:\/\/sanremomarathon.it\/fr\/wp-json\/wp\/v2\/types\/page"}],"author":[{"embeddable":true,"href":"https:\/\/sanremomarathon.it\/fr\/wp-json\/wp\/v2\/users\/1"}],"replies":[{"embeddable":true,"href":"https:\/\/sanremomarathon.it\/fr\/wp-json\/wp\/v2\/comments?post=1305"}],"version-history":[{"count":19,"href":"https:\/\/sanremomarathon.it\/fr\/wp-json\/wp\/v2\/pages\/1305\/revisions"}],"predecessor-version":[{"id":9120,"href":"https:\/\/sanremomarathon.it\/fr\/wp-json\/wp\/v2\/pages\/1305\/revisions\/9120"}],"wp:featuredmedia":[{"embeddable":true,"href":"https:\/\/sanremomarathon.it\/fr\/wp-json\/wp\/v2\/media\/4006"}],"wp:attachment":[{"href":"https:\/\/sanremomarathon.it\/fr\/wp-json\/wp\/v2\/media?parent=1305"}],"curies":[{"name":"wp","href":"https:\/\/api.w.org\/{rel}","templated":true}]}}